{"id":654,"date":"2018-09-19T11:45:12","date_gmt":"2018-09-19T11:45:12","guid":{"rendered":"http:\/\/vassallolorna.com\/web\/?page_id=654"},"modified":"2023-02-07T19:29:53","modified_gmt":"2023-02-07T19:29:53","slug":"reviews-testimonials","status":"publish","type":"page","link":"http:\/\/vassallolorna.com\/web\/reviews-testimonials\/","title":{"rendered":"Reviews &#038; Testimonials"},"content":{"rendered":"[vc_row][vc_column][vc_column_text]Tixtieq turi l-apprezzament tieg\u0127ek ta\u2019 x\u2019g\u0127amlet mieg\u0127ek Lorna Vassallo b\u2019wi\u010b\u010bek minn quddiem?\u00a0 Tista\u2019 tag\u0127mel dan billi ne\u0127dulek filmat qasir a\u0127na jew tiffilmja lilek innifsek f\u2019filmat li jidher fuq <u>www.vassallolorna.com<\/u> u <a href=\"http:\/\/www.facebook.com\/lejnmaltaaaa\">www.facebook.com\/lejnmaltaaaa<\/a>.\u00a0 Tista\u2019 titkellem fuq kif g\u0127enitek Lorna, g\u0127aliex temmen li Lorna g\u0127andha tkun wa\u0127da minn dawk eletti jew temi o\u0127ra \u0121enerali b\u0127al g\u0127aliex temmen li g\u0127andu jkollna iktar nisa fil-Parlament Ewropew.\u00a0 Jekk ma tixtieqx tag\u0127mel filmati, imma ma tiddejjaqx turi ismek, g\u0127ax t\u0127oss li g\u0127andek tag\u0127mel hekk sabiex tirringrazzja lil Lorna tal-g\u0127ajnuna tag\u0127ha, ikteb paragrafu jew tnejn li jista\u2019 ji\u0121i ppubblikat bl-istess mod.\u00a0 Irreferi g\u0127as-sezzjoni \u2018Reviews and Testimonials\u2019 hawnhekk \u0127alli tara kif persuni o\u0127ra tkellmu dwar Lorna Vassallo.\u00a0 Wara iktbilna fuq <a href=\"http:\/\/www.facebook.com\/lejnmaltaaaa\">www.facebook.com\/lejnmaltaaaa<\/a> (Lorna Vassallo Page) jew <a href=\"mailto:vassallolorna@gmail.com\">vassallolorna@gmail.com<\/a> jew \u010bemplilna fuq 79443906 \u0127alli ng\u0127idulek kif tista\u2019 tag\u0127mel dan.\n<p><em>Do you want to show your appreciation of what Lorna has done for you in the most public way?\u00a0 You can do this by declaring this in a short video filmed by us or yourself that can be broadcast on <u>www.vassallolorna.com<\/u> u <a href=\"http:\/\/www.facebook.com\/lejnmaltaaaa\">www.facebook.com\/lejnmaltaaaa<\/a>.\u00a0 You can speak about how Lorna has helped you, why you believe she should be elected or other general themes such as why we should have more women to represent us at the European Parliament.\u00a0 If you would not like to be on video but you don\u2019t mind publishing your name, because that\u2019s what you feel like doing to thank Lorna Vassallo for her help, write a paragraph or two which can be published in the same way.\u00a0 Refer to the section called \u2018Reviews &amp; Testimonials\u2019 here so as to see how other people spoke about Lorna Vassallo.\u00a0 Then write to us on <a href=\"http:\/\/www.facebook.com\/lejnmaltaaaa\">www.facebook.com\/lejnmaltaaaa<\/a> (Lorna Vassallo Page)<\/em> or <a href=\"mailto:vassallolorna@gmail.com\">vassallolorna@gmail.com<\/a> or phone us on 79443906 so that we tell you how this can be done.[\/vc_column_text][\/vc_column][\/vc_row][vc_row][vc_column width=&#8221;1\/4&#8243;][vc_video link=&#8221;https:\/\/www.youtube.com\/watch?v=3VXc9Dk2a70&#8243;]<div class=\"row\"><\/div>[\/vc_column][vc_column width=&#8221;1\/4&#8243;][vc_video link=&#8221;https:\/\/www.youtube.com\/watch?v=aeT-zyvZNeA&amp;feature=youtu.be&#8221;][\/vc_column][vc_column width=&#8221;1\/4&#8243;][vc_video link=&#8221;https:\/\/www.youtube.com\/watch?v=1IE3fC1VzFo&#8221;][\/vc_column][vc_column width=&#8221;1\/4&#8243;][vc_video link=&#8221;https:\/\/www.youtube.com\/watch?v=VRkA2eNiFpk&#8221;][\/vc_column][\/vc_row][vc_row][vc_column width=&#8221;1\/4&#8243;][vc_video link=&#8221;https:\/\/youtu.be\/FPwoXQuP-wc&#8221;][\/vc_column][vc_column width=&#8221;1\/4&#8243;][\/vc_column][vc_column width=&#8221;1\/4&#8243;][\/vc_column][vc_column width=&#8221;1\/4&#8243;][\/vc_column][\/vc_row][vc_row][vc_column][vc_column_text]\n[\/vc_column_text][\/vc_column][\/vc_row]\n<\/p>","protected":false},"excerpt":{"rendered":"<p>[vc_row][vc_column][vc_column_text]Tixtieq turi l-apprezzament tieg\u0127ek ta\u2019 x\u2019g\u0127amlet mieg\u0127ek Lorna Vassallo b\u2019wi\u010b\u010bek minn quddiem?\u00a0 Tista\u2019 tag\u0127mel dan billi ne\u0127dulek filmat qasir a\u0127na jew tiffilmja lilek innifsek f\u2019filmat li jidher fuq www.vassallolorna.com u www.facebook.com\/lejnmaltaaaa.\u00a0 Tista\u2019 titkellem fuq kif g\u0127enitek Lorna, g\u0127aliex temmen li Lorna g\u0127andha tkun wa\u0127da minn dawk eletti jew temi o\u0127ra \u0121enerali b\u0127al g\u0127aliex temmen li<\/p>\n<div class=\"padding-top text-center\"><a href=\"http:\/\/vassallolorna.com\/web\/reviews-testimonials\/\" class=\"atbtn atbtn--medium atbtn--rounded atbtn--transparent\">Read more<i class=\"atbtn__icon atbtn__icon--right fa fa-long-arrow-right\"><\/i><\/a><\/div>\n","protected":false},"author":1,"featured_media":0,"parent":0,"menu_order":0,"comment_status":"closed","ping_status":"closed","template":"","meta":[],"_links":{"self":[{"href":"http:\/\/vassallolorna.com\/web\/wp-json\/wp\/v2\/pages\/654"}],"collection":[{"href":"http:\/\/vassallolorna.com\/web\/wp-json\/wp\/v2\/pages"}],"about":[{"href":"http:\/\/vassallolorna.com\/web\/wp-json\/wp\/v2\/types\/page"}],"author":[{"embeddable":true,"href":"http:\/\/vassallolorna.com\/web\/wp-json\/wp\/v2\/users\/1"}],"replies":[{"embeddable":true,"href":"http:\/\/vassallolorna.com\/web\/wp-json\/wp\/v2\/comments?post=654"}],"version-history":[{"count":13,"href":"http:\/\/vassallolorna.com\/web\/wp-json\/wp\/v2\/pages\/654\/revisions"}],"predecessor-version":[{"id":1418,"href":"http:\/\/vassallolorna.com\/web\/wp-json\/wp\/v2\/pages\/654\/revisions\/1418"}],"wp:attachment":[{"href":"http:\/\/vassallolorna.com\/web\/wp-json\/wp\/v2\/media?parent=654"}],"curies":[{"name":"wp","href":"https:\/\/api.w.org\/{rel}","templated":true}]}}