{"id":1017,"date":"2019-01-18T08:17:18","date_gmt":"2019-01-18T08:17:18","guid":{"rendered":"http:\/\/vassallolorna.com\/web\/?page_id=1017"},"modified":"2019-05-18T08:00:47","modified_gmt":"2019-05-18T08:00:47","slug":"press-releases","status":"publish","type":"page","link":"http:\/\/vassallolorna.com\/web\/press-releases\/","title":{"rendered":"Press Releases"},"content":{"rendered":"[vc_row][vc_column][vc_column_text]\n<table class=\"aligncenter\" style=\"height: 1322px; border-collapse: collapse; width: 98.7269%;\" border=\"1\" width=\"100%\">\n<tbody>\n<tr style=\"height: 24px;\">\n<td style=\"width: 7%; text-align: center; height: 24px;\" width=\"7%\"><strong>Nru.<\/strong><\/td>\n<td style=\"width: 18.4755%; text-align: center; height: 24px;\" width=\"26%\"><strong>Data <\/strong><\/td>\n<td style=\"width: 38.5245%; text-align: center; height: 24px;\" width=\"31%\"><strong>Isem<\/strong><\/td>\n<td style=\"width: 10%; text-align: center; height: 24px;\" width=\"20%\"><strong>Media<\/strong><\/td>\n<td style=\"width: 10%; text-align: center; height: 24px;\"><strong>Tema<\/strong><\/td>\n<\/tr>\n<tr style=\"height: 41px;\">\n<td style=\"width: 7%; text-align: center; height: 41px;\">1<\/td>\n<td style=\"width: 18.4755%; text-align: center; height: 41px;\">3 ta&#8217; Jannar 2019<\/td>\n<td style=\"width: 38.5245%; text-align: center; height: 41px;\"><a href=\"http:\/\/www.one.com.mt\/news\/2019\/01\/08\/lejn-kumitat-dwar-il-migrazzjoni-fil-parlament-ewropew\/\">Lejn Kumitat dwar il-Migrazzjoni fil-Parlament Ewropew<\/a><\/td>\n<td style=\"width: 10%; text-align: center; height: 41px;\">One.com.mt<\/td>\n<td style=\"width: 10%; text-align: center; height: 41px;\">Migrazzjoni<\/td>\n<\/tr>\n<tr style=\"height: 65px;\">\n<td style=\"width: 7%; text-align: center; height: 65px;\">2<\/td>\n<td style=\"width: 18.4755%; text-align: center; height: 65px;\">6 ta&#8217; Jannar 2019<\/td>\n<td style=\"width: 38.5245%; text-align: center; height: 65px;\">\n<p><a href=\"http:\/\/www.one.com.mt\/news\/2019\/01\/15\/potenzjal-ta-suq-ta-2-5-biljun-ruh-u-s-settur-tal-energija-rinovabbli\/\">Potenzjal ta\u2019 suq ta\u2019 2.5 biljun ru\u0127 u s-settur tal-ener\u0121ija rinovabbli<\/a><\/p>\n<\/td>\n<td style=\"width: 10%; text-align: center; height: 65px;\">One.com.mt<\/td>\n<td style=\"width: 10%; text-align: center; height: 65px;\">Parke\u0121\u0121<\/td>\n<\/tr>\n<tr style=\"height: 136px;\">\n<td style=\"width: 7%; text-align: center; height: 136px;\">3<\/td>\n<td style=\"width: 18.4755%; text-align: center; height: 136px;\">24 ta&#8217; Jannar 2019<\/td>\n<td style=\"width: 38.5245%; text-align: center; height: 136px;\">\n<p><a href=\"http:\/\/www.one.com.mt\/news\/?s=partecipazzjoni\">Lejn \u017cieda fil-parte\u010bipazzjoni tan-nisa fil-politika Maltija<\/a><\/p>\n<\/td>\n<td style=\"width: 10%; text-align: center; height: 136px;\">One.com.mt<\/td>\n<td style=\"width: 10%; text-align: center; height: 136px;\">Eman\u010bipazzjoni u Ugwaljanza<\/td>\n<\/tr>\n<tr style=\"height: 91px;\">\n<td style=\"width: 7%; text-align: center; height: 91px;\">4<\/td>\n<td style=\"width: 18.4755%; text-align: center; height: 91px;\">30 ta&#8217; Jannar 2019<\/td>\n<td style=\"width: 38.5245%; text-align: center; height: 91px;\">\n<p><a href=\"http:\/\/www.one.com.mt\/news\/2019\/01\/30\/gvern-li-tejjeb-il-kwalita-tal-ghajxien\/\">Gvern li tejjeb il-kwalit\u00e0 tal-g\u0127ajxien<\/a><\/p>\n<\/td>\n<td style=\"width: 10%; text-align: center; height: 91px;\">One.com.mt<\/td>\n<td style=\"width: 10%; text-align: center; height: 91px;\">Klassi tan-nofs\u00a0<\/td>\n<\/tr>\n<tr style=\"height: 206px;\">\n<td style=\"width: 7%; text-align: center; height: 196px;\">5<\/td>\n<td style=\"width: 18.4755%; text-align: center; height: 196px;\">5 ta&#8217; Frar 2019<\/td>\n<td style=\"width: 38.5245%; text-align: center; height: 196px;\">\n<p><a href=\"http:\/\/www.one.com.mt\/news\/2019\/02\/05\/il-kandidata-ghall-parlament-ewropew-lorna-vassallo-tiltaqa-mad-delegati-tal-ewwel-erba-distretti-elettorali\/\">Il-Kandidata g\u0127all-parlament Ewropew Lorna Vassallo tiltaqa\u2019 mad-delegati tal-ewwel erba\u2019 distretti elettorali<\/a><\/p>\n<\/td>\n<td style=\"width: 10%; text-align: center; height: 196px;\">One.com.mt<\/td>\n<td style=\"width: 10%; text-align: center; height: 196px;\">\u00a0Laqg\u0127a Delegati 1<\/td>\n<\/tr>\n<tr style=\"height: 184px;\">\n<td style=\"width: 7%; text-align: center; height: 69px;\">6\u00a0<\/td>\n<td style=\"width: 18.4755%; text-align: center; height: 69px;\">25 ta&#8217; Frar 2019\u00a0<\/td>\n<td style=\"width: 38.5245%; text-align: center; height: 69px;\">\n<p><a href=\"http:\/\/www.one.com.mt\/news\/2019\/02\/25\/lorna-vassallo-tippromwovi-d-dinjita-ta-persuni-bdizabbilta\/\">Lorna Vassallo tippromwovi d-dinjit\u00e0 ta\u2019 persuni b\u2019di\u017cabbilt\u00e0<\/a>\u00a0<\/p>\n<\/td>\n<td style=\"width: 10%; text-align: center; height: 69px;\">\u00a0One.com.mt<\/td>\n<td style=\"width: 10%; text-align: center; height: 69px;\">\u00a0Persuni b\u2019Di\u017cabbilt\u00e0<\/td>\n<\/tr>\n<tr style=\"height: 62px;\">\n<td style=\"width: 7%; text-align: center; height: 96px;\">7<\/td>\n<td style=\"width: 18.4755%; text-align: center; height: 96px;\">23 ta&#8217; Marzu 2019<\/td>\n<td style=\"width: 38.5245%; text-align: center; height: 96px;\">\n<p><a href=\"http:\/\/www.one.com.mt\/news\/2019\/03\/23\/lejn-ue-iktar-germaniza-u-franciza\/\">Lejn UE iktar \u0120ermani\u017ca u Fran\u010bi\u017ca<\/a><\/p>\n<\/td>\n<td style=\"width: 10%; text-align: center; height: 96px;\">One.com.mt<\/td>\n<td style=\"width: 10%; text-align: center; height: 96px;\">Brexit<\/td>\n<\/tr>\n<tr style=\"height: 91px;\">\n<td style=\"width: 7%; text-align: center; height: 91px;\">8<\/td>\n<td style=\"width: 18.4755%; text-align: center; height: 91px;\">15 t&#8217; April 2019<\/td>\n<td style=\"width: 38.5245%; text-align: center; height: 91px;\">\n<p><a href=\"http:\/\/www.one.com.mt\/news\/2019\/04\/15\/il-lemin-estrem-perikoluz-ghal-kulhadd-lorna-vassallo\/\">Il-lemin estrem perikolu\u017c g\u0127al kul\u0127add<\/a><\/p>\n<\/td>\n<td style=\"width: 10%; text-align: center; height: 91px;\">One.com.mt<\/td>\n<td style=\"width: 10%; text-align: center; height: 91px;\">Lemin estrem<\/td>\n<\/tr>\n<tr>\n<td style=\"width: 7%; text-align: center;\">9<\/td>\n<td style=\"width: 18.4755%; text-align: center;\">25 t&#8217; April 2019<\/td>\n<td style=\"width: 38.5245%; text-align: center;\">\n<p><a href=\"http:\/\/www.one.com.mt\/news\/2019\/04\/25\/lealta-lejn-il-partit-u-lejn-il-pajjiz\/#\">Lealt\u00e0 lejn il-Partit u lejn il-Pajji\u017c<\/a><\/p>\n<\/td>\n<td style=\"width: 10%; text-align: center;\">One.com.mt<\/td>\n<td style=\"width: 10%; text-align: center;\">L-interess tal-pajji\u017c<\/td>\n<\/tr>\n<tr>\n<td style=\"width: 7%; text-align: center;\">10<\/td>\n<td style=\"width: 18.4755%; text-align: center;\">7 ta&#8217; Mejju 2019<\/td>\n<td style=\"width: 38.5245%; text-align: center;\">\n<p><a href=\"http:\/\/www.one.com.mt\/news\/2019\/05\/07\/oppozizzjoni-li-tfixkel-gvern-bsoluzzjonijiet-il-kandidata-ghall-elezzjoni-tal-pe-lorna-vassallo\/\">\u201cOppo\u017cizzjoni li tfixkel, gvern b\u2019soluzzjonijiet\u201d<\/a><\/p>\n<\/td>\n<td style=\"width: 10%; text-align: center;\">One.com.mt<\/td>\n<td style=\"width: 10%; text-align: center;\">Malta fil-Mediterran<\/td>\n<\/tr>\n<tr>\n<td style=\"width: 7%; text-align: center;\">11<\/td>\n<td style=\"width: 18.4755%; text-align: center;\">15 ta&#8217; Mejju 2019<\/td>\n<td style=\"width: 38.5245%; text-align: center;\">\n<p><a href=\"http:\/\/www.one.com.mt\/news\/2019\/05\/15\/gvern-li-jzid-l-ispazji-miftuha-il-kandidat-ghall-elezzjonijiet-tal-pe-lorna-vassallo-3\/\">\u201cGvern li j\u017cid l-ispazji miftu\u0127a\u201d<\/a><\/p>\n<\/td>\n<td style=\"width: 10%; text-align: center;\">One.com.mt<\/td>\n<td style=\"width: 10%; text-align: center;\">Ambjent<\/td>\n<\/tr>\n<\/tbody>\n<\/table>\n<p>\u00a0<\/p>\n\n\n<p><\/p>\n","protected":false},"excerpt":{"rendered":"<p>[vc_row][vc_column][vc_column_text] Nru. Data Isem Media Tema 1 3 ta&#8217; Jannar 2019 Lejn Kumitat dwar il-Migrazzjoni fil-Parlament Ewropew One.com.mt Migrazzjoni 2 6 ta&#8217; Jannar 2019 Potenzjal ta\u2019 suq ta\u2019 2.5 biljun ru\u0127 u s-settur tal-ener\u0121ija rinovabbli One.com.mt Parke\u0121\u0121 3 24 ta&#8217; Jannar 2019 Lejn \u017cieda fil-parte\u010bipazzjoni tan-nisa fil-politika Maltija One.com.mt Eman\u010bipazzjoni u Ugwaljanza 4 30 ta&#8217;<\/p>\n<div class=\"padding-top text-center\"><a href=\"http:\/\/vassallolorna.com\/web\/press-releases\/\" class=\"atbtn atbtn--medium atbtn--rounded atbtn--transparent\">Read more<i class=\"atbtn__icon atbtn__icon--right fa fa-long-arrow-right\"><\/i><\/a><\/div>\n","protected":false},"author":1,"featured_media":0,"parent":0,"menu_order":0,"comment_status":"closed","ping_status":"closed","template":"","meta":[],"_links":{"self":[{"href":"http:\/\/vassallolorna.com\/web\/wp-json\/wp\/v2\/pages\/1017"}],"collection":[{"href":"http:\/\/vassallolorna.com\/web\/wp-json\/wp\/v2\/pages"}],"about":[{"href":"http:\/\/vassallolorna.com\/web\/wp-json\/wp\/v2\/types\/page"}],"author":[{"embeddable":true,"href":"http:\/\/vassallolorna.com\/web\/wp-json\/wp\/v2\/users\/1"}],"replies":[{"embeddable":true,"href":"http:\/\/vassallolorna.com\/web\/wp-json\/wp\/v2\/comments?post=1017"}],"version-history":[{"count":34,"href":"http:\/\/vassallolorna.com\/web\/wp-json\/wp\/v2\/pages\/1017\/revisions"}],"predecessor-version":[{"id":1289,"href":"http:\/\/vassallolorna.com\/web\/wp-json\/wp\/v2\/pages\/1017\/revisions\/1289"}],"wp:attachment":[{"href":"http:\/\/vassallolorna.com\/web\/wp-json\/wp\/v2\/media?parent=1017"}],"curies":[{"name":"wp","href":"https:\/\/api.w.org\/{rel}","templated":true}]}}